{"id":28969,"date":"2023-02-15T20:54:00","date_gmt":"2023-02-16T01:54:00","guid":{"rendered":"https:\/\/www.people20.com\/knowledge\/erik-vonk-a-ete-presente-dans-un-article-de-forbes-sur-la-classification-mondiale-des-travailleurs\/"},"modified":"2025-10-23T10:41:52","modified_gmt":"2025-10-23T14:41:52","slug":"erik-vonk-featured-in-forbes-article-on-global-worker-classification","status":"publish","type":"knowledge","link":"https:\/\/www.people20.com\/fr-ca\/knowledge\/erik-vonk-featured-in-forbes-article-on-global-worker-classification\/","title":{"rendered":"Erik Vonk a \u00e9t\u00e9 pr\u00e9sent\u00e9 dans un article de Forbes sur la classification mondiale des travailleurs"},"content":{"rendered":"<p><span class=\"TextRun SCXW252868976 BCX0\" lang=\"EN-US\" xml_lang=\"EN-US\" data-contrast=\"auto\"><span class=\"NormalTextRun SCXW252868976 BCX0\">Nouvelle excitante! <\/span><span class=\"NormalTextRun SCXW252868976 BCX0\">Notre pr\u00e9sident ex\u00e9cutif, Erik Vonk, a r\u00e9cemment \u00e9t\u00e9 <\/span><span class=\"NormalTextRun SCXW252868976 BCX0\">pr\u00e9sent\u00e9 dans Forbes pour discuter de la croissance rapide de la main-d\u2019\u0153uvre \u00e0 distance et du besoin urgent d\u2019une <\/span><span class=\"NormalTextRun SCXW252868976 BCX0\">classification pr\u00e9cise<\/span><span class=\"NormalTextRun SCXW252868976 BCX0\"> des travailleurs.<\/span><\/span><span class=\"EOP SCXW252868976 BCX0\" data-ccp-props=\"{\"201341983\":0,\"335559739\":160,\"335559740\":259}\">&nbsp;<\/span><\/p>\n<p><span class=\"TextRun SCXW6302575 BCX0\" lang=\"EN-US\" xml_lang=\"EN-US\" data-contrast=\"auto\"><span class=\"NormalTextRun SCXW6302575 BCX0\">Avec plus de 50 pays qui accueillent d\u00e9sormais les nomades num\u00e9riques, <\/span><span class=\"NormalTextRun SCXW6302575 BCX0\">le besoin de conformit\u00e9 mondiale <\/span><span class=\"NormalTextRun SCXW6302575 BCX0\">s\u2019accentue<\/span><span class=\"NormalTextRun SCXW6302575 BCX0\"><\/span><span class=\"NormalTextRun SCXW6302575 BCX0\">  devient de plus en plus important. C\u2019est \u00e7a   <\/span>Le <span class=\"NormalTextRun SCXW6302575 BCX0\">besoin est motiv\u00e9 par la mondialisation du travail, l\u2019impact des nouvelles technologies de travail et de collaboration, ainsi que par les avanc\u00e9es<\/span> <span class=\"NormalTextRun SCXW6302575 BCX0\">technologiques.<\/span><\/span><span class=\"EOP SCXW6302575 BCX0\" data-ccp-props=\"{\"201341983\":0,\"335559739\":160,\"335559740\":259}\">&nbsp;<\/span><\/p>\n<p><span class=\"TextRun SCXW115125604 BCX0\" lang=\"EN-US\" xml_lang=\"EN-US\" data-contrast=\"auto\"><span class=\"NormalTextRun SCXW115125604 BCX0\">En <\/span><span class=\"NormalTextRun SCXW115125604 BCX0\"><span class=\"NormalTextRun SCXW115125604 BCX0\"><span class=\"NormalTextRun SCXW115125604 BCX0\">r\u00e9ponse \u00e0 la tendance vers des modalit\u00e9s de travail sans<\/span> <span class=\"NormalTextRun SCXW115125604 BCX0\">fronti\u00e8res, Forbes a invit\u00e9 plusieurs experts <\/span><span class=\"NormalTextRun SCXW115125604 BCX0\">\u00e0 commenter la <\/span><span class=\"NormalTextRun SCXW115125604 BCX0\">conformit\u00e9, la classification, l\u2019EOR et l\u2019AOR, y compris <\/span><span class=\"NormalTextRun SCXW115125604 BCX0\">notre propre pr\u00e9sident ex\u00e9cutif, Erik Vonk.<\/span><\/span><\/span><\/span><span class=\"EOP SCXW115125604 BCX0\" data-ccp-props=\"{\"201341983\":0,\"335559739\":160,\"335559740\":259}\">&nbsp;<\/span><\/p>\n<p><span class=\"TextRun SCXW228233151 BCX0\" lang=\"EN-US\" xml_lang=\"EN-US\" data-contrast=\"auto\"><span class=\"NormalTextRun SCXW228233151 BCX0\">Les sujets <\/span><span class=\"NormalTextRun SCXW228233151 BCX0\">abord\u00e9s<\/span><span class=\"NormalTextRun SCXW228233151 BCX0\"> comprenaient<\/span> <span class=\"NormalTextRun SCXW228233151 BCX0\">:<\/span><\/span><span class=\"EOP SCXW228233151 BCX0\" data-ccp-props=\"{\"201341983\":0,\"335559739\":160,\"335559740\":259}\">&nbsp;<\/span><\/p>\n<ul>\n<li data-leveltext=\"\uf0b7\" data-font=\"Symbol\" data-listid=\"1\" data-list-defn-props=\"{\"335552541\":1,\"335559684\":-2,\"335559685\":720,\"335559991\":360,\"469769226\":\"Symbol\",\"469769242\":[8226],\"469777803\":\"left\",\"469777804\":\"\uf0b7\",\"469777815\":\"hybridMultilevel\"}\" aria-setsize=\"-1\" data-aria-posinset=\"1\" data-aria-level=\"1\"><span data-contrast=\"auto\">Cat\u00e9gories tendance de <\/span><b><span data-contrast=\"auto\">travail ind\u00e9pendant<\/span><\/b><span data-contrast=\"auto\"> retrouv\u00e9es \u00e0 l\u2019international<\/span><span data-ccp-props=\"{\"201341983\":0,\"335559739\":160,\"335559740\":259}\">&nbsp;<\/span><\/li>\n<li data-leveltext=\"\uf0b7\" data-font=\"Symbol\" data-listid=\"1\" data-list-defn-props=\"{\"335552541\":1,\"335559684\":-2,\"335559685\":720,\"335559991\":360,\"469769226\":\"Symbol\",\"469769242\":[8226],\"469777803\":\"left\",\"469777804\":\"\uf0b7\",\"469777815\":\"hybridMultilevel\"}\" aria-setsize=\"-1\" data-aria-posinset=\"2\" data-aria-level=\"1\"><span data-contrast=\"auto\">Pr\u00e9dictions sur l\u2019avenir de <\/span><b><span data-contrast=\"auto\">la conformit\u00e9 transfrontali\u00e8re<\/span><\/b><span data-ccp-props=\"{\"201341983\":0,\"335559739\":160,\"335559740\":259}\">&nbsp;<\/span><\/li>\n<li data-leveltext=\"\uf0b7\" data-font=\"Symbol\" data-listid=\"1\" data-list-defn-props=\"{\"335552541\":1,\"335559684\":-2,\"335559685\":720,\"335559991\":360,\"469769226\":\"Symbol\",\"469769242\":[8226],\"469777803\":\"left\",\"469777804\":\"\uf0b7\",\"469777815\":\"hybridMultilevel\"}\" aria-setsize=\"-1\" data-aria-posinset=\"3\" data-aria-level=\"1\"><span data-contrast=\"auto\">L\u2019\u00e9volution future des <\/span><b><span data-contrast=\"auto\">pigistes individuels, des places de march\u00e9 ind\u00e9pendantes <\/span><\/b><span data-contrast=\"auto\">et <\/span><b><span data-contrast=\"auto\">des plateformes propri\u00e9taires pour travailleurs autonomes<\/span><\/b><span data-ccp-props=\"{\"201341983\":0,\"335559739\":160,\"335559740\":259}\">&nbsp;<\/span><\/li>\n<\/ul>\n<p><span class=\"TextRun SCXW169959316 BCX0\" lang=\"EN-US\" xml_lang=\"EN-US\" data-contrast=\"none\"><span class=\"NormalTextRun SCXW169959316 BCX0\">Ne manquez pas cette lecture \u00e9clairante. D\u00e9couvrez ce qu\u2019Erik et d\u2019autres leaders de l\u2019industrie ont \u00e0 dire sur les tendances de la main-d\u2019\u0153uvre et leurs changements <\/span> <span class=\"NormalTextRun SCXW169959316 BCX0\"> Paysage de<\/span><span class=\"NormalTextRun SCXW169959316 BCX0\"> talents.<\/span><\/span><span class=\"EOP SCXW169959316 BCX0\" data-ccp-props=\"{\"201341983\":0,\"335559739\":160,\"335559740\":259}\">&nbsp;<\/span><\/p>\n\n<p class=\"globalpowerCTA has-black-color has-text-color\"><a href=\"https:\/\/www.forbes.com\/sites\/jonyounger\/2023\/02\/08\/as-more-freelancers-work-across-borders-expect-more-emphasis-on-worker-classification-and-tax-collection\/?sh=4e1f0315c4c2\" target=\"_blank\" rel=\"noreferrer noopener\">Lisez l\u2019article<\/a><\/p>\n","protected":false},"excerpt":{"rendered":"<p>Le PDG Erik Vonk est pr\u00e9sent\u00e9 dans un article de Forbes sur le t\u00e9l\u00e9travail et la conformit\u00e9.<\/p>\n","protected":false},"author":3,"featured_media":27453,"template":"","format":"standard","meta":{"_acf_changed":false,"content-type":"","footnotes":""},"categories":[1175,1179,1199,1887,1303,1223,1215],"tags":[1395,1603,1371],"regional_locations":[],"class_list":["post-28969","knowledge","type-knowledge","status-publish","format-standard","has-post-thumbnail","hentry","category-multisite-location-fr-ca","category-all-global-fr-ca","category-classification-compliance-fr-ca","category-employee-classification","category-people2-0-insights-fr-ca","category-talent-sourcing-fr-ca","category-workforce-management-fr-ca","tag-building-your-staffing-business-fr-ca","tag-employee-classification-fr-ca","tag-workforce-compliance-fr-ca"],"acf":[],"yoast_head":"<!-- This site is optimized with the Yoast SEO plugin v27.4 - https:\/\/yoast.com\/product\/yoast-seo-wordpress\/ -->\n<title>Erik Vonk a \u00e9t\u00e9 pr\u00e9sent\u00e9 dans un article de Forbes sur la classification mondiale des travailleurs &#8211; People2.0 | Global<\/title>\n<meta name=\"robots\" content=\"index, follow, max-snippet:-1, max-image-preview:large, max-video-preview:-1\" \/>\n<link rel=\"canonical\" href=\"https:\/\/www.people20.com\/fr-ca\/knowledge\/erik-vonk-featured-in-forbes-article-on-global-worker-classification\/\" \/>\n<meta property=\"og:locale\" content=\"fr_CA\" \/>\n<meta property=\"og:type\" content=\"article\" \/>\n<meta property=\"og:title\" content=\"Erik Vonk a \u00e9t\u00e9 pr\u00e9sent\u00e9 dans un article de Forbes sur la classification mondiale des travailleurs &#8211; People2.0 | Global\" \/>\n<meta property=\"og:description\" content=\"Le PDG Erik Vonk est pr\u00e9sent\u00e9 dans un article de Forbes sur le t\u00e9l\u00e9travail et la conformit\u00e9.\" \/>\n<meta property=\"og:url\" content=\"https:\/\/www.people20.com\/fr-ca\/knowledge\/erik-vonk-featured-in-forbes-article-on-global-worker-classification\/\" \/>\n<meta property=\"og:site_name\" content=\"People2.0 | Global\" \/>\n<meta property=\"article:modified_time\" content=\"2025-10-23T14:41:52+00:00\" \/>\n<meta property=\"og:image\" content=\"https:\/\/www.people20.com\/wp-content\/uploads\/2025\/09\/default-featured-blog-image-e1759425826602.png\" \/>\n\t<meta property=\"og:image:width\" content=\"1000\" \/>\n\t<meta property=\"og:image:height\" content=\"675\" \/>\n\t<meta property=\"og:image:type\" content=\"image\/png\" \/>\n<meta name=\"twitter:card\" content=\"summary_large_image\" \/>\n<meta name=\"twitter:label1\" content=\"Temps estim\u00e9 \u00e0 la lecture \" \/>\n\t<meta name=\"twitter:data1\" content=\"1 minute\" \/>\n<!-- \/ Yoast SEO plugin. -->","yoast_head_json":{"title":"Erik Vonk a \u00e9t\u00e9 pr\u00e9sent\u00e9 dans un article de Forbes sur la classification mondiale des travailleurs &#8211; People2.0 | Global","robots":{"index":"index","follow":"follow","max-snippet":"max-snippet:-1","max-image-preview":"max-image-preview:large","max-video-preview":"max-video-preview:-1"},"canonical":"https:\/\/www.people20.com\/fr-ca\/knowledge\/erik-vonk-featured-in-forbes-article-on-global-worker-classification\/","og_locale":"fr_CA","og_type":"article","og_title":"Erik Vonk a \u00e9t\u00e9 pr\u00e9sent\u00e9 dans un article de Forbes sur la classification mondiale des travailleurs &#8211; People2.0 | Global","og_description":"Le PDG Erik Vonk est pr\u00e9sent\u00e9 dans un article de Forbes sur le t\u00e9l\u00e9travail et la conformit\u00e9.","og_url":"https:\/\/www.people20.com\/fr-ca\/knowledge\/erik-vonk-featured-in-forbes-article-on-global-worker-classification\/","og_site_name":"People2.0 | Global","article_modified_time":"2025-10-23T14:41:52+00:00","og_image":[{"width":1000,"height":675,"url":"https:\/\/www.people20.com\/wp-content\/uploads\/2025\/09\/default-featured-blog-image-e1759425826602.png","type":"image\/png"}],"twitter_card":"summary_large_image","twitter_misc":{"Temps estim\u00e9 \u00e0 la lecture ":"1 minute"},"schema":{"@context":"https:\/\/schema.org","@graph":[{"@type":"WebPage","@id":"https:\/\/www.people20.com\/fr-ca\/knowledge\/erik-vonk-featured-in-forbes-article-on-global-worker-classification\/","url":"https:\/\/www.people20.com\/fr-ca\/knowledge\/erik-vonk-featured-in-forbes-article-on-global-worker-classification\/","name":"Erik Vonk a \u00e9t\u00e9 pr\u00e9sent\u00e9 dans un article de Forbes sur la classification mondiale des travailleurs &#8211; People2.0 | Global","isPartOf":{"@id":"https:\/\/www.people20.com\/fr-ca\/#website"},"primaryImageOfPage":{"@id":"https:\/\/www.people20.com\/fr-ca\/knowledge\/erik-vonk-featured-in-forbes-article-on-global-worker-classification\/#primaryimage"},"image":{"@id":"https:\/\/www.people20.com\/fr-ca\/knowledge\/erik-vonk-featured-in-forbes-article-on-global-worker-classification\/#primaryimage"},"thumbnailUrl":"https:\/\/www.people20.com\/wp-content\/uploads\/2025\/09\/default-featured-blog-image-e1759425826602.png","datePublished":"2023-02-16T01:54:00+00:00","dateModified":"2025-10-23T14:41:52+00:00","breadcrumb":{"@id":"https:\/\/www.people20.com\/fr-ca\/knowledge\/erik-vonk-featured-in-forbes-article-on-global-worker-classification\/#breadcrumb"},"inLanguage":"fr-CA","potentialAction":[{"@type":"ReadAction","target":["https:\/\/www.people20.com\/fr-ca\/knowledge\/erik-vonk-featured-in-forbes-article-on-global-worker-classification\/"]}]},{"@type":"ImageObject","inLanguage":"fr-CA","@id":"https:\/\/www.people20.com\/fr-ca\/knowledge\/erik-vonk-featured-in-forbes-article-on-global-worker-classification\/#primaryimage","url":"https:\/\/www.people20.com\/wp-content\/uploads\/2025\/09\/default-featured-blog-image-e1759425826602.png","contentUrl":"https:\/\/www.people20.com\/wp-content\/uploads\/2025\/09\/default-featured-blog-image-e1759425826602.png","width":1000,"height":675},{"@type":"BreadcrumbList","@id":"https:\/\/www.people20.com\/fr-ca\/knowledge\/erik-vonk-featured-in-forbes-article-on-global-worker-classification\/#breadcrumb","itemListElement":[{"@type":"ListItem","position":1,"name":"Home","item":"https:\/\/www.people20.com\/fr-ca\/home\/"},{"@type":"ListItem","position":2,"name":"Connaissances","item":"https:\/\/www.people20.com\/fr-ca\/knowledges-archive\/"},{"@type":"ListItem","position":3,"name":"Erik Vonk a \u00e9t\u00e9 pr\u00e9sent\u00e9 dans un article de Forbes sur la classification mondiale des travailleurs"}]},{"@type":"WebSite","@id":"https:\/\/www.people20.com\/fr-ca\/#website","url":"https:\/\/www.people20.com\/fr-ca\/","name":"People2.0 | Global","description":"Global employment, simplified.","publisher":{"@id":"https:\/\/www.people20.com\/fr-ca\/#organization"},"potentialAction":[{"@type":"SearchAction","target":{"@type":"EntryPoint","urlTemplate":"https:\/\/www.people20.com\/fr-ca\/?s={search_term_string}"},"query-input":{"@type":"PropertyValueSpecification","valueRequired":true,"valueName":"search_term_string"}}],"inLanguage":"fr-CA"},{"@type":"Organization","@id":"https:\/\/www.people20.com\/fr-ca\/#organization","name":"People2.0 | Global","url":"https:\/\/www.people20.com\/fr-ca\/","logo":{"@type":"ImageObject","inLanguage":"fr-CA","@id":"https:\/\/www.people20.com\/fr-ca\/#\/schema\/logo\/image\/","url":"https:\/\/www.people20.com\/wp-content\/uploads\/2025\/05\/people20-logo.svg","contentUrl":"https:\/\/www.people20.com\/wp-content\/uploads\/2025\/05\/people20-logo.svg","caption":"People2.0 | Global"},"image":{"@id":"https:\/\/www.people20.com\/fr-ca\/#\/schema\/logo\/image\/"}}]}},"_links":{"self":[{"href":"https:\/\/www.people20.com\/fr-ca\/wp-json\/wp\/v2\/knowledges\/28969","targetHints":{"allow":["GET"]}}],"collection":[{"href":"https:\/\/www.people20.com\/fr-ca\/wp-json\/wp\/v2\/knowledges"}],"about":[{"href":"https:\/\/www.people20.com\/fr-ca\/wp-json\/wp\/v2\/types\/knowledge"}],"author":[{"embeddable":true,"href":"https:\/\/www.people20.com\/fr-ca\/wp-json\/wp\/v2\/users\/3"}],"version-history":[{"count":3,"href":"https:\/\/www.people20.com\/fr-ca\/wp-json\/wp\/v2\/knowledges\/28969\/revisions"}],"predecessor-version":[{"id":33304,"href":"https:\/\/www.people20.com\/fr-ca\/wp-json\/wp\/v2\/knowledges\/28969\/revisions\/33304"}],"wp:featuredmedia":[{"embeddable":true,"href":"https:\/\/www.people20.com\/fr-ca\/wp-json\/wp\/v2\/media\/27453"}],"wp:attachment":[{"href":"https:\/\/www.people20.com\/fr-ca\/wp-json\/wp\/v2\/media?parent=28969"}],"wp:term":[{"taxonomy":"category","embeddable":true,"href":"https:\/\/www.people20.com\/fr-ca\/wp-json\/wp\/v2\/categories?post=28969"},{"taxonomy":"post_tag","embeddable":true,"href":"https:\/\/www.people20.com\/fr-ca\/wp-json\/wp\/v2\/tags?post=28969"},{"taxonomy":"regional_locations","embeddable":true,"href":"https:\/\/www.people20.com\/fr-ca\/wp-json\/wp\/v2\/regional_locations?post=28969"}],"curies":[{"name":"wp","href":"https:\/\/api.w.org\/{rel}","templated":true}]}}