{"id":28733,"date":"2024-11-08T16:44:08","date_gmt":"2024-11-08T21:44:08","guid":{"rendered":"https:\/\/www.people20.com\/event\/sia-executive-forum-europe-2024\/"},"modified":"2025-10-23T14:26:20","modified_gmt":"2025-10-23T18:26:20","slug":"sia-executive-forum-europe-2024","status":"publish","type":"event","link":"https:\/\/www.people20.com\/fr-ca\/event\/sia-executive-forum-europe-2024\/","title":{"rendered":"SIA Executive Forum Europe 2024"},"content":{"rendered":"\n<div style=\"height:20px\" aria-hidden=\"true\" class=\"wp-block-spacer\"><\/div>\n\n<p class=\"has-black-color has-text-color has-link-color wp-elements-32baf9e70de817ed221c3f7ed7ee443f\">Joignez-vous au principal \u00e9v\u00e9nement de leadership de l\u2019ann\u00e9e dans l\u2019industrie europ\u00e9enne du recrutement. Le SIA Executive Forum Europe r\u00e9unit des cadres en recrutement du monde entier pour deux jours d\u2019inspiration, de r\u00e9seautage et d\u2019analyses strat\u00e9giques.   <\/p>\n\n<p class=\"globalpowerCTA has-black-color has-text-color\"><a href=\"https:\/\/web.cvent.com\/event\/7510ca7e-bfcf-4693-b451-acdf0fc3bc6a\/websitePage:2f3458b8-76ae-4daa-990f-4c1f73814ac7\" target=\"_blank\" rel=\"noreferrer noopener\">Inscrivez-vous d\u00e8s aujourd\u2019hui<\/a><\/p>\n\n<h3 class=\"wp-block-heading has-text-color has-link-color wp-elements-7dca37150cfe5049765cff54a981f4ad\" style=\"color:#056892\">Pourquoi s\u2019associer \u00e0 People2.0?  <\/h3>\n\n<ul class=\"wp-block-list\">\n<li><strong>\u00c9largissez votre port\u00e9e mondiale :<\/strong> Tirer parti de notre infrastructure internationale pour placer les travailleurs partout dans le monde en pleine conformit\u00e9.  <\/li>\n\n\n\n<li><strong>Rationaliser les op\u00e9rations :<\/strong> Externaliser les t\u00e2ches administratives et se concentrer sur la croissance principale de l\u2019entreprise et les relations avec les clients.  <\/li>\n\n\n\n<li><strong>R\u00e9duisez les risques :<\/strong> Assurez-vous d\u2019une classification et d\u2019une conformit\u00e9 appropri\u00e9es des travailleurs dans plusieurs juridictions.  <\/li>\n<\/ul>\n\n<div style=\"height:15px\" aria-hidden=\"true\" class=\"wp-block-spacer\"><\/div>\n\n<h3 class=\"wp-block-heading has-text-color has-link-color wp-elements-f70977c31f8c230f322d9f706a2b9474\" style=\"color:#056892\">Ne manquez pas cette opportunit\u00e9  <\/h3>\n\n<p>R\u00e9servez votre temps pour rencontrer nos experts. D\u00e9couvrez comment le partenariat avec People2.0 peut r\u00e9volutionner la gestion de votre main-d\u2019\u0153uvre.   <\/p>\n\n<script type=\"text\/javascript\">\n_linkedin_partner_id = \"5027738\";\nwindow._linkedin_data_partner_ids = window._linkedin_data_partner_ids || [];\nwindow._linkedin_data_partner_ids.push(_linkedin_partner_id);\n<\/script><script type=\"text\/javascript\">\n(function(l) {\nif (!l){window.lintrk = function(a,b){window.lintrk.q.push([a,b])};\nwindow.lintrk.q=[]}\nvar s = document.getElementsByTagName(\"script\")[0];\nvar b = document.createElement(\"script\");\nb.type = \"text\/javascript\";b.async = true;\nb.src = \"https:\/\/snap.licdn.com\/li.lms-analytics\/insight.min.js\";\ns.parentNode.insertBefore(b, s);})(window.lintrk);\n<\/script>\n<noscript>\n<img decoding=\"async\" height=\"1\" width=\"1\" style=\"display:none;\" alt=\"\" src=\"https:\/\/px.ads.linkedin.com\/collect\/?pid=5027738&#038;fmt=gif\"\/>\n<\/noscript>\n","protected":false},"excerpt":{"rendered":"<p>4-5 d\u00e9cembre 2024<br \/>L\u2019h\u00f4tel Landmark<br \/>Londres, Royaume-Uni<\/p>\n","protected":false},"author":3,"featured_media":27453,"menu_order":0,"template":"","format":"standard","meta":{"_acf_changed":false,"content-type":"","footnotes":""},"categories":[1351,1343],"tags":[],"regional_locations":[1795,1804],"class_list":["post-28733","event","type-event","status-publish","format-standard","has-post-thumbnail","hentry","category-events-fr-ca","category-uk-fr-ca","regional_locations-emea-fr-ca","regional_locations-in-person-event-fr-ca"],"acf":[],"yoast_head":"<!-- This site is optimized with the Yoast SEO plugin v27.4 - https:\/\/yoast.com\/product\/yoast-seo-wordpress\/ -->\n<title>SIA Executive Forum Europe 2024 &#8211; People2.0 | Global<\/title>\n<meta name=\"robots\" content=\"index, follow, max-snippet:-1, max-image-preview:large, max-video-preview:-1\" \/>\n<link rel=\"canonical\" href=\"https:\/\/www.people20.com\/fr-ca\/event\/sia-executive-forum-europe-2024\/\" \/>\n<meta property=\"og:locale\" content=\"fr_CA\" \/>\n<meta property=\"og:type\" content=\"article\" \/>\n<meta property=\"og:title\" content=\"SIA Executive Forum Europe 2024 &#8211; People2.0 | Global\" \/>\n<meta property=\"og:description\" content=\"4-5 d\u00e9cembre 2024L\u2019h\u00f4tel LandmarkLondres, Royaume-Uni\" \/>\n<meta property=\"og:url\" content=\"https:\/\/www.people20.com\/fr-ca\/event\/sia-executive-forum-europe-2024\/\" \/>\n<meta property=\"og:site_name\" content=\"People2.0 | Global\" \/>\n<meta property=\"article:modified_time\" content=\"2025-10-23T18:26:20+00:00\" \/>\n<meta property=\"og:image\" content=\"https:\/\/www.people20.com\/wp-content\/uploads\/2025\/09\/default-featured-blog-image-e1759425826602.png\" \/>\n\t<meta property=\"og:image:width\" content=\"1000\" \/>\n\t<meta property=\"og:image:height\" content=\"675\" \/>\n\t<meta property=\"og:image:type\" content=\"image\/png\" \/>\n<meta name=\"twitter:card\" content=\"summary_large_image\" \/>\n<meta name=\"twitter:label1\" content=\"Temps estim\u00e9 \u00e0 la lecture \" \/>\n\t<meta name=\"twitter:data1\" content=\"1 minute\" \/>\n<!-- \/ Yoast SEO plugin. -->","yoast_head_json":{"title":"SIA Executive Forum Europe 2024 &#8211; People2.0 | Global","robots":{"index":"index","follow":"follow","max-snippet":"max-snippet:-1","max-image-preview":"max-image-preview:large","max-video-preview":"max-video-preview:-1"},"canonical":"https:\/\/www.people20.com\/fr-ca\/event\/sia-executive-forum-europe-2024\/","og_locale":"fr_CA","og_type":"article","og_title":"SIA Executive Forum Europe 2024 &#8211; People2.0 | Global","og_description":"4-5 d\u00e9cembre 2024L\u2019h\u00f4tel LandmarkLondres, Royaume-Uni","og_url":"https:\/\/www.people20.com\/fr-ca\/event\/sia-executive-forum-europe-2024\/","og_site_name":"People2.0 | Global","article_modified_time":"2025-10-23T18:26:20+00:00","og_image":[{"width":1000,"height":675,"url":"https:\/\/www.people20.com\/wp-content\/uploads\/2025\/09\/default-featured-blog-image-e1759425826602.png","type":"image\/png"}],"twitter_card":"summary_large_image","twitter_misc":{"Temps estim\u00e9 \u00e0 la lecture ":"1 minute"},"schema":{"@context":"https:\/\/schema.org","@graph":[{"@type":"WebPage","@id":"https:\/\/www.people20.com\/fr-ca\/event\/sia-executive-forum-europe-2024\/","url":"https:\/\/www.people20.com\/fr-ca\/event\/sia-executive-forum-europe-2024\/","name":"SIA Executive Forum Europe 2024 &#8211; People2.0 | Global","isPartOf":{"@id":"https:\/\/www.people20.com\/fr-ca\/#website"},"primaryImageOfPage":{"@id":"https:\/\/www.people20.com\/fr-ca\/event\/sia-executive-forum-europe-2024\/#primaryimage"},"image":{"@id":"https:\/\/www.people20.com\/fr-ca\/event\/sia-executive-forum-europe-2024\/#primaryimage"},"thumbnailUrl":"https:\/\/www.people20.com\/wp-content\/uploads\/2025\/09\/default-featured-blog-image-e1759425826602.png","datePublished":"2024-11-08T21:44:08+00:00","dateModified":"2025-10-23T18:26:20+00:00","breadcrumb":{"@id":"https:\/\/www.people20.com\/fr-ca\/event\/sia-executive-forum-europe-2024\/#breadcrumb"},"inLanguage":"fr-CA","potentialAction":[{"@type":"ReadAction","target":["https:\/\/www.people20.com\/fr-ca\/event\/sia-executive-forum-europe-2024\/"]}]},{"@type":"ImageObject","inLanguage":"fr-CA","@id":"https:\/\/www.people20.com\/fr-ca\/event\/sia-executive-forum-europe-2024\/#primaryimage","url":"https:\/\/www.people20.com\/wp-content\/uploads\/2025\/09\/default-featured-blog-image-e1759425826602.png","contentUrl":"https:\/\/www.people20.com\/wp-content\/uploads\/2025\/09\/default-featured-blog-image-e1759425826602.png","width":1000,"height":675},{"@type":"BreadcrumbList","@id":"https:\/\/www.people20.com\/fr-ca\/event\/sia-executive-forum-europe-2024\/#breadcrumb","itemListElement":[{"@type":"ListItem","position":1,"name":"Home","item":"https:\/\/www.people20.com\/fr-ca\/home\/"},{"@type":"ListItem","position":2,"name":"\u00c9v\u00e9nements","item":"https:\/\/www.people20.com\/fr-ca\/knowledges-archive\/"},{"@type":"ListItem","position":3,"name":"SIA Executive Forum Europe 2024"}]},{"@type":"WebSite","@id":"https:\/\/www.people20.com\/fr-ca\/#website","url":"https:\/\/www.people20.com\/fr-ca\/","name":"People2.0 | Global","description":"Global employment, simplified.","publisher":{"@id":"https:\/\/www.people20.com\/fr-ca\/#organization"},"potentialAction":[{"@type":"SearchAction","target":{"@type":"EntryPoint","urlTemplate":"https:\/\/www.people20.com\/fr-ca\/?s={search_term_string}"},"query-input":{"@type":"PropertyValueSpecification","valueRequired":true,"valueName":"search_term_string"}}],"inLanguage":"fr-CA"},{"@type":"Organization","@id":"https:\/\/www.people20.com\/fr-ca\/#organization","name":"People2.0 | Global","url":"https:\/\/www.people20.com\/fr-ca\/","logo":{"@type":"ImageObject","inLanguage":"fr-CA","@id":"https:\/\/www.people20.com\/fr-ca\/#\/schema\/logo\/image\/","url":"https:\/\/www.people20.com\/wp-content\/uploads\/2025\/05\/people20-logo.svg","contentUrl":"https:\/\/www.people20.com\/wp-content\/uploads\/2025\/05\/people20-logo.svg","caption":"People2.0 | Global"},"image":{"@id":"https:\/\/www.people20.com\/fr-ca\/#\/schema\/logo\/image\/"}}]}},"_links":{"self":[{"href":"https:\/\/www.people20.com\/fr-ca\/wp-json\/wp\/v2\/event\/28733","targetHints":{"allow":["GET"]}}],"collection":[{"href":"https:\/\/www.people20.com\/fr-ca\/wp-json\/wp\/v2\/event"}],"about":[{"href":"https:\/\/www.people20.com\/fr-ca\/wp-json\/wp\/v2\/types\/event"}],"author":[{"embeddable":true,"href":"https:\/\/www.people20.com\/fr-ca\/wp-json\/wp\/v2\/users\/3"}],"version-history":[{"count":1,"href":"https:\/\/www.people20.com\/fr-ca\/wp-json\/wp\/v2\/event\/28733\/revisions"}],"predecessor-version":[{"id":28735,"href":"https:\/\/www.people20.com\/fr-ca\/wp-json\/wp\/v2\/event\/28733\/revisions\/28735"}],"wp:featuredmedia":[{"embeddable":true,"href":"https:\/\/www.people20.com\/fr-ca\/wp-json\/wp\/v2\/media\/27453"}],"wp:attachment":[{"href":"https:\/\/www.people20.com\/fr-ca\/wp-json\/wp\/v2\/media?parent=28733"}],"wp:term":[{"taxonomy":"category","embeddable":true,"href":"https:\/\/www.people20.com\/fr-ca\/wp-json\/wp\/v2\/categories?post=28733"},{"taxonomy":"post_tag","embeddable":true,"href":"https:\/\/www.people20.com\/fr-ca\/wp-json\/wp\/v2\/tags?post=28733"},{"taxonomy":"regional_locations","embeddable":true,"href":"https:\/\/www.people20.com\/fr-ca\/wp-json\/wp\/v2\/regional_locations?post=28733"}],"curies":[{"name":"wp","href":"https:\/\/api.w.org\/{rel}","templated":true}]}}