{"id":28683,"date":"2022-08-13T19:33:04","date_gmt":"2022-08-13T23:33:04","guid":{"rendered":"https:\/\/www.people20.com\/event\/sia-executive-forum-emea-2022\/"},"modified":"2025-10-23T14:26:38","modified_gmt":"2025-10-23T18:26:38","slug":"sia-executive-forum-emea-2022","status":"publish","type":"event","link":"https:\/\/www.people20.com\/fr-ca\/event\/sia-executive-forum-emea-2022\/","title":{"rendered":"SIA Executive Forum EMEA 2022"},"content":{"rendered":"\n<p><span data-contrast=\"auto\">En tant que plus grand fournisseur mondial de services d\u2019employeur de r\u00e9f\u00e9rence (EOR) et d\u2019agent de r\u00e9f\u00e9rence (AOR), nous sommes ravis d\u2019\u00eatre commanditaire du Forum ex\u00e9cutif de SIA en Europe \u00e0 Londres les 6 et 7 d\u00e9cembre 2022. Communiquez avec notre \u00e9quipe d\u2019experts de l\u2019industrie pour d\u00e9couvrir comment externaliser votre back-office \u00e0 People2.0 peut r\u00e9duire vos risques et stimuler votre croissance.  <\/span><\/p>\n\n<p><span data-contrast=\"auto\">Joignez-vous \u00e0 nous au forum et assurez-vous de nous ajouter \u00e0 votre agenda :  <\/span><\/p>\n\n<ul class=\"wp-block-list\">\n<li><span data-contrast=\"auto\"><strong>Rencontres individuelles<\/strong> \u2013 Prenez rendez-vous pour \u00e9changer avec nos experts de l\u2019industrie.  <\/span><\/li>\n\n\n\n<li><span data-contrast=\"auto\"><strong>Salle d\u2019exposition<\/strong> \u2013 Passez \u00e0 notre kiosque pour discuter avec notre \u00e9quipe.  <\/span><\/li>\n\n\n\n<li><span data-contrast=\"auto\"><strong>S\u00e9ance Id\u00e9es en action<\/strong> \u2013 Venez \u00e0 <strong>\u00ab Alerte rouge : votre cha\u00eene d\u2019approvisionnement temporaire en main-d\u2019\u0153uvre est bris\u00e9e \u00bb.<\/strong><\/span> <span data-contrast=\"auto\">Andrew Fahey, vice-pr\u00e9sident ex\u00e9cutif des solutions pour entrepreneurs ind\u00e9pendants, pr\u00e9sentera sur l\u2019\u00e9conomie COVID et les exigences croissantes qu\u2019elle impose en mati\u00e8re de conformit\u00e9 et de cha\u00eene d\u2019approvisionnement le 6 d\u00e9cembre \u00e0 15 h 15.<\/span><\/li>\n\n\n\n<li><span data-contrast=\"auto\">Table <strong>ronde<\/strong> \u2013 Ne manquez pas la table ronde \u00ab <strong>L\u2019\u00e9volution des services de paie \u00e0 l\u2019\u00e8re num\u00e9rique<\/strong> \u00bb le 7 d\u00e9cembre \u00e0 9 h avec notre CRO mondial Pat McCall. <\/span><\/li>\n<\/ul>\n\n<p class=\"globalpowerCTA has-black-color has-text-color\"><a href=\"https:\/\/web.cvent.com\/event\/f38c3252-1a34-41d4-98de-9f620d4b330c\/websitePage:2f3458b8-76ae-4daa-990f-4c1f73814ac7\" target=\"_blank\" rel=\"noreferrer noopener\">Inscrivez-vous d\u00e8s aujourd\u2019hui<\/a><\/p>\n","protected":false},"excerpt":{"rendered":"<p>6-7 d\u00e9cembre 2022<br \/>Londres<\/p>\n","protected":false},"author":1,"featured_media":27453,"menu_order":0,"template":"","format":"standard","meta":{"_acf_changed":false,"content-type":"","footnotes":""},"categories":[1351,1343],"tags":[],"regional_locations":[1795],"class_list":["post-28683","event","type-event","status-publish","format-standard","has-post-thumbnail","hentry","category-events-fr-ca","category-uk-fr-ca","regional_locations-emea-fr-ca"],"acf":[],"yoast_head":"<!-- This site is optimized with the Yoast SEO plugin v27.4 - https:\/\/yoast.com\/product\/yoast-seo-wordpress\/ -->\n<title>SIA Executive Forum EMEA 2022 &#8211; People2.0 | Global<\/title>\n<meta name=\"robots\" content=\"index, follow, max-snippet:-1, max-image-preview:large, max-video-preview:-1\" \/>\n<link rel=\"canonical\" href=\"https:\/\/www.people20.com\/fr-ca\/event\/sia-executive-forum-emea-2022\/\" \/>\n<meta property=\"og:locale\" content=\"fr_CA\" \/>\n<meta property=\"og:type\" content=\"article\" \/>\n<meta property=\"og:title\" content=\"SIA Executive Forum EMEA 2022 &#8211; People2.0 | Global\" \/>\n<meta property=\"og:description\" content=\"6-7 d\u00e9cembre 2022Londres\" \/>\n<meta property=\"og:url\" content=\"https:\/\/www.people20.com\/fr-ca\/event\/sia-executive-forum-emea-2022\/\" \/>\n<meta property=\"og:site_name\" content=\"People2.0 | Global\" \/>\n<meta property=\"article:modified_time\" content=\"2025-10-23T18:26:38+00:00\" \/>\n<meta property=\"og:image\" content=\"https:\/\/www.people20.com\/wp-content\/uploads\/2025\/09\/default-featured-blog-image-e1759425826602.png\" \/>\n\t<meta property=\"og:image:width\" content=\"1000\" \/>\n\t<meta property=\"og:image:height\" content=\"675\" \/>\n\t<meta property=\"og:image:type\" content=\"image\/png\" \/>\n<meta name=\"twitter:card\" content=\"summary_large_image\" \/>\n<meta name=\"twitter:label1\" content=\"Temps estim\u00e9 \u00e0 la lecture \" \/>\n\t<meta name=\"twitter:data1\" content=\"1 minute\" \/>\n<!-- \/ Yoast SEO plugin. -->","yoast_head_json":{"title":"SIA Executive Forum EMEA 2022 &#8211; People2.0 | Global","robots":{"index":"index","follow":"follow","max-snippet":"max-snippet:-1","max-image-preview":"max-image-preview:large","max-video-preview":"max-video-preview:-1"},"canonical":"https:\/\/www.people20.com\/fr-ca\/event\/sia-executive-forum-emea-2022\/","og_locale":"fr_CA","og_type":"article","og_title":"SIA Executive Forum EMEA 2022 &#8211; People2.0 | Global","og_description":"6-7 d\u00e9cembre 2022Londres","og_url":"https:\/\/www.people20.com\/fr-ca\/event\/sia-executive-forum-emea-2022\/","og_site_name":"People2.0 | Global","article_modified_time":"2025-10-23T18:26:38+00:00","og_image":[{"width":1000,"height":675,"url":"https:\/\/www.people20.com\/wp-content\/uploads\/2025\/09\/default-featured-blog-image-e1759425826602.png","type":"image\/png"}],"twitter_card":"summary_large_image","twitter_misc":{"Temps estim\u00e9 \u00e0 la lecture ":"1 minute"},"schema":{"@context":"https:\/\/schema.org","@graph":[{"@type":"WebPage","@id":"https:\/\/www.people20.com\/fr-ca\/event\/sia-executive-forum-emea-2022\/","url":"https:\/\/www.people20.com\/fr-ca\/event\/sia-executive-forum-emea-2022\/","name":"SIA Executive Forum EMEA 2022 &#8211; People2.0 | Global","isPartOf":{"@id":"https:\/\/www.people20.com\/fr-ca\/#website"},"primaryImageOfPage":{"@id":"https:\/\/www.people20.com\/fr-ca\/event\/sia-executive-forum-emea-2022\/#primaryimage"},"image":{"@id":"https:\/\/www.people20.com\/fr-ca\/event\/sia-executive-forum-emea-2022\/#primaryimage"},"thumbnailUrl":"https:\/\/www.people20.com\/wp-content\/uploads\/2025\/09\/default-featured-blog-image-e1759425826602.png","datePublished":"2022-08-13T23:33:04+00:00","dateModified":"2025-10-23T18:26:38+00:00","breadcrumb":{"@id":"https:\/\/www.people20.com\/fr-ca\/event\/sia-executive-forum-emea-2022\/#breadcrumb"},"inLanguage":"fr-CA","potentialAction":[{"@type":"ReadAction","target":["https:\/\/www.people20.com\/fr-ca\/event\/sia-executive-forum-emea-2022\/"]}]},{"@type":"ImageObject","inLanguage":"fr-CA","@id":"https:\/\/www.people20.com\/fr-ca\/event\/sia-executive-forum-emea-2022\/#primaryimage","url":"https:\/\/www.people20.com\/wp-content\/uploads\/2025\/09\/default-featured-blog-image-e1759425826602.png","contentUrl":"https:\/\/www.people20.com\/wp-content\/uploads\/2025\/09\/default-featured-blog-image-e1759425826602.png","width":1000,"height":675},{"@type":"BreadcrumbList","@id":"https:\/\/www.people20.com\/fr-ca\/event\/sia-executive-forum-emea-2022\/#breadcrumb","itemListElement":[{"@type":"ListItem","position":1,"name":"Home","item":"https:\/\/www.people20.com\/fr-ca\/home\/"},{"@type":"ListItem","position":2,"name":"\u00c9v\u00e9nements","item":"https:\/\/www.people20.com\/fr-ca\/knowledges-archive\/"},{"@type":"ListItem","position":3,"name":"SIA Executive Forum EMEA 2022"}]},{"@type":"WebSite","@id":"https:\/\/www.people20.com\/fr-ca\/#website","url":"https:\/\/www.people20.com\/fr-ca\/","name":"People2.0 | Global","description":"Global employment, simplified.","publisher":{"@id":"https:\/\/www.people20.com\/fr-ca\/#organization"},"potentialAction":[{"@type":"SearchAction","target":{"@type":"EntryPoint","urlTemplate":"https:\/\/www.people20.com\/fr-ca\/?s={search_term_string}"},"query-input":{"@type":"PropertyValueSpecification","valueRequired":true,"valueName":"search_term_string"}}],"inLanguage":"fr-CA"},{"@type":"Organization","@id":"https:\/\/www.people20.com\/fr-ca\/#organization","name":"People2.0 | Global","url":"https:\/\/www.people20.com\/fr-ca\/","logo":{"@type":"ImageObject","inLanguage":"fr-CA","@id":"https:\/\/www.people20.com\/fr-ca\/#\/schema\/logo\/image\/","url":"https:\/\/www.people20.com\/wp-content\/uploads\/2025\/05\/people20-logo.svg","contentUrl":"https:\/\/www.people20.com\/wp-content\/uploads\/2025\/05\/people20-logo.svg","caption":"People2.0 | Global"},"image":{"@id":"https:\/\/www.people20.com\/fr-ca\/#\/schema\/logo\/image\/"}}]}},"_links":{"self":[{"href":"https:\/\/www.people20.com\/fr-ca\/wp-json\/wp\/v2\/event\/28683","targetHints":{"allow":["GET"]}}],"collection":[{"href":"https:\/\/www.people20.com\/fr-ca\/wp-json\/wp\/v2\/event"}],"about":[{"href":"https:\/\/www.people20.com\/fr-ca\/wp-json\/wp\/v2\/types\/event"}],"author":[{"embeddable":true,"href":"https:\/\/www.people20.com\/fr-ca\/wp-json\/wp\/v2\/users\/1"}],"version-history":[{"count":1,"href":"https:\/\/www.people20.com\/fr-ca\/wp-json\/wp\/v2\/event\/28683\/revisions"}],"predecessor-version":[{"id":28685,"href":"https:\/\/www.people20.com\/fr-ca\/wp-json\/wp\/v2\/event\/28683\/revisions\/28685"}],"wp:featuredmedia":[{"embeddable":true,"href":"https:\/\/www.people20.com\/fr-ca\/wp-json\/wp\/v2\/media\/27453"}],"wp:attachment":[{"href":"https:\/\/www.people20.com\/fr-ca\/wp-json\/wp\/v2\/media?parent=28683"}],"wp:term":[{"taxonomy":"category","embeddable":true,"href":"https:\/\/www.people20.com\/fr-ca\/wp-json\/wp\/v2\/categories?post=28683"},{"taxonomy":"post_tag","embeddable":true,"href":"https:\/\/www.people20.com\/fr-ca\/wp-json\/wp\/v2\/tags?post=28683"},{"taxonomy":"regional_locations","embeddable":true,"href":"https:\/\/www.people20.com\/fr-ca\/wp-json\/wp\/v2\/regional_locations?post=28683"}],"curies":[{"name":"wp","href":"https:\/\/api.w.org\/{rel}","templated":true}]}}