{"id":26477,"date":"2023-02-15T20:54:00","date_gmt":"2023-02-16T01:54:00","guid":{"rendered":"https:\/\/www.people20.com\/knowledge\/erik-vonk-aparece-en-un-articulo-de-forbes-sobre-la-clasificacion-mundial-de-los-trabajadores\/"},"modified":"2025-10-23T10:41:49","modified_gmt":"2025-10-23T14:41:49","slug":"erik-vonk-featured-in-forbes-article-on-global-worker-classification","status":"publish","type":"knowledge","link":"https:\/\/www.people20.com\/es\/knowledge\/erik-vonk-featured-in-forbes-article-on-global-worker-classification\/","title":{"rendered":"Erik Vonk aparece en un art\u00edculo de Forbes sobre la clasificaci\u00f3n mundial de los trabajadores"},"content":{"rendered":"<p><span class=\"TextRun SCXW252868976 BCX0\" lang=\"EN-US\" xml_lang=\"EN-US\" data-contrast=\"auto\"><span class=\"NormalTextRun SCXW252868976 BCX0\">\u00a1Noticias emocionantes! <\/span><span class=\"NormalTextRun SCXW252868976 BCX0\">Nuestro Presidente Ejecutivo, Erik Vonk, apareci\u00f3 <\/span><span class=\"NormalTextRun SCXW252868976 BCX0\">apareci\u00f3 recientemente en Forbes hablando del r\u00e1pido crecimiento de la mano de obra remota y de la acuciante necesidad de <\/span><span class=\"NormalTextRun SCXW252868976 BCX0\">precisa<\/span><span class=\"NormalTextRun SCXW252868976 BCX0\"> clasificaci\u00f3n precisa de los trabajadores.<\/span><\/span><span class=\"EOP SCXW252868976 BCX0\" data-ccp-props=\"{\"201341983\":0,\"335559739\":160,\"335559740\":259}\">&nbsp;<\/span><\/p>\n<p><span class=\"TextRun SCXW6302575 BCX0\" lang=\"EN-US\" xml_lang=\"EN-US\" data-contrast=\"auto\"><span class=\"NormalTextRun SCXW6302575 BCX0\">M\u00e1s de 50 pa\u00edses acogen ya a n\u00f3madas digitales, <\/span><span class=\"NormalTextRun SCXW6302575 BCX0\">la necesidad de contar con <\/span><span class=\"NormalTextRun SCXW6302575 BCX0\">exper<\/span><span class=\"NormalTextRun SCXW6302575 BCX0\">de cumplimiento<\/span><span class=\"NormalTextRun SCXW6302575 BCX0\">  es cada vez m\u00e1s importante. Este   <\/span><span class=\"NormalTextRun SCXW6302575 BCX0\">La globalizaci\u00f3n del trabajo, el impacto de las nuevas tecnolog\u00edas del trabajo y la colaboraci\u00f3n y los avances tecnol\u00f3gicos impulsan esta necesidad.<\/span><span class=\"NormalTextRun SCXW6302575 BCX0\">.<\/span><\/span><span class=\"EOP SCXW6302575 BCX0\" data-ccp-props=\"{\"201341983\":0,\"335559739\":160,\"335559740\":259}\">&nbsp;<\/span><\/p>\n<p><span class=\"TextRun SCXW115125604 BCX0\" lang=\"EN-US\" xml_lang=\"EN-US\" data-contrast=\"auto\"><span class=\"NormalTextRun SCXW115125604 BCX0\">En <\/span><span class=\"NormalTextRun SCXW115125604 BCX0\">r<\/span><span class=\"NormalTextRun SCXW115125604 BCX0\">e<\/span><span class=\"NormalTextRun SCXW115125604 BCX0\">n respuesta a la tendencia hacia acuerdos de trabajo sin fronteras<\/span><span class=\"NormalTextRun SCXW115125604 BCX0\">Forbes invit\u00f3 a varios expertos <\/span><span class=\"NormalTextRun SCXW115125604 BCX0\">a comentar <\/span><span class=\"NormalTextRun SCXW115125604 BCX0\">cumplimiento, clasificaci\u00f3n, EOR y AOR, entre ellos <\/span><span class=\"NormalTextRun SCXW115125604 BCX0\">nuestro Presidente Ejecutivo, Erik Vonk.<\/span><\/span><span class=\"EOP SCXW115125604 BCX0\" data-ccp-props=\"{\"201341983\":0,\"335559739\":160,\"335559740\":259}\">&nbsp;<\/span><\/p>\n<p><span class=\"TextRun SCXW228233151 BCX0\" lang=\"EN-US\" xml_lang=\"EN-US\" data-contrast=\"auto\"><span class=\"NormalTextRun SCXW228233151 BCX0\">Temas <\/span><span class=\"NormalTextRun SCXW228233151 BCX0\">debatidos<\/span><span class=\"NormalTextRun SCXW228233151 BCX0\"> incluido<\/span><span class=\"NormalTextRun SCXW228233151 BCX0\">:<\/span><\/span><span class=\"EOP SCXW228233151 BCX0\" data-ccp-props=\"{\"201341983\":0,\"335559739\":160,\"335559740\":259}\">&nbsp;<\/span><\/p>\n<ul>\n<li data-leveltext=\"\uf0b7\" data-font=\"Symbol\" data-listid=\"1\" data-list-defn-props=\"{\"335552541\":1,\"335559684\":-2,\"335559685\":720,\"335559991\":360,\"469769226\":\"Symbol\",\"469769242\":[8226],\"469777803\":\"left\",\"469777804\":\"\uf0b7\",\"469777815\":\"hybridMultilevel\"}\" aria-setsize=\"-1\" data-aria-posinset=\"1\" data-aria-level=\"1\"><span data-contrast=\"auto\">Categor\u00edas de <\/span><b><span data-contrast=\"auto\">trabajo freelance<\/span><\/b><span data-contrast=\"auto\"> contrataci\u00f3n internacional<\/span><span data-ccp-props=\"{\"201341983\":0,\"335559739\":160,\"335559740\":259}\">&nbsp;<\/span><\/li>\n<li data-leveltext=\"\uf0b7\" data-font=\"Symbol\" data-listid=\"1\" data-list-defn-props=\"{\"335552541\":1,\"335559684\":-2,\"335559685\":720,\"335559991\":360,\"469769226\":\"Symbol\",\"469769242\":[8226],\"469777803\":\"left\",\"469777804\":\"\uf0b7\",\"469777815\":\"hybridMultilevel\"}\" aria-setsize=\"-1\" data-aria-posinset=\"2\" data-aria-level=\"1\"><span data-contrast=\"auto\">Predicciones sobre el futuro del <\/span><b><span data-contrast=\"auto\">cumplimiento transfronterizo<\/span><\/b><span data-ccp-props=\"{\"201341983\":0,\"335559739\":160,\"335559740\":259}\">&nbsp;<\/span><\/li>\n<li data-leveltext=\"\uf0b7\" data-font=\"Symbol\" data-listid=\"1\" data-list-defn-props=\"{\"335552541\":1,\"335559684\":-2,\"335559685\":720,\"335559991\":360,\"469769226\":\"Symbol\",\"469769242\":[8226],\"469777803\":\"left\",\"469777804\":\"\uf0b7\",\"469777815\":\"hybridMultilevel\"}\" aria-setsize=\"-1\" data-aria-posinset=\"3\" data-aria-level=\"1\"><span data-contrast=\"auto\">La evoluci\u00f3n futura de <\/span><b><span data-contrast=\"auto\">aut\u00f3nomos individuales, los mercados de aut\u00f3nomos <\/span><\/b><span data-contrast=\"auto\">y <\/span><b><span data-contrast=\"auto\">plataformas de aut\u00f3nomos<\/span><\/b><span data-ccp-props=\"{\"201341983\":0,\"335559739\":160,\"335559740\":259}\">&nbsp;<\/span><\/li>\n<\/ul>\n<p><span class=\"TextRun SCXW169959316 BCX0\" lang=\"EN-US\" xml_lang=\"EN-US\" data-contrast=\"none\"><span class=\"NormalTextRun SCXW169959316 BCX0\">No se pierda esta interesante lectura. Descubra lo que Erik y otros l\u00edderes del sector tienen que decir sobre las tendencias de la mano de obra y los cambios en el mercado laboral. <\/span> <span class=\"NormalTextRun SCXW169959316 BCX0\"> talento<\/span><span class=\"NormalTextRun SCXW169959316 BCX0\"> paisaje.<\/span><\/span><span class=\"EOP SCXW169959316 BCX0\" data-ccp-props=\"{\"201341983\":0,\"335559739\":160,\"335559740\":259}\">&nbsp;<\/span><\/p>\n\n<p class=\"globalpowerCTA has-black-color has-text-color\"><a href=\"https:\/\/www.forbes.com\/sites\/jonyounger\/2023\/02\/08\/as-more-freelancers-work-across-borders-expect-more-emphasis-on-worker-classification-and-tax-collection\/?sh=4e1f0315c4c2\" target=\"_blank\" rel=\"noreferrer noopener\">Leer el art\u00edculo<\/a><\/p>\n","protected":false},"excerpt":{"rendered":"<p>Erik Vonk, Consejero Delegado, aparece en un art\u00edculo de Forbes sobre el trabajo a distancia y el cumplimiento de la normativa.<\/p>\n","protected":false},"author":3,"featured_media":22448,"template":"","format":"standard","meta":{"_acf_changed":false,"content-type":"","footnotes":""},"categories":[1172,1177,1197,1887,1300,1220,1212],"tags":[1392,1368,1600],"regional_locations":[],"class_list":["post-26477","knowledge","type-knowledge","status-publish","format-standard","has-post-thumbnail","hentry","category-multisite-location-es","category-all-global-es","category-classification-compliance-es","category-employee-classification","category-people2-0-insights-es","category-talent-sourcing-es","category-workforce-management-es","tag-building-your-staffing-business-es","tag-workforce-compliance-es","tag-employee-classification-es"],"acf":[],"yoast_head":"<!-- This site is optimized with the Yoast SEO plugin v27.4 - https:\/\/yoast.com\/product\/yoast-seo-wordpress\/ -->\n<title>Erik Vonk aparece en un art\u00edculo de Forbes sobre la clasificaci\u00f3n mundial de los trabajadores &#8211; People2.0 | Global<\/title>\n<meta name=\"robots\" content=\"index, follow, max-snippet:-1, max-image-preview:large, max-video-preview:-1\" \/>\n<link rel=\"canonical\" href=\"https:\/\/www.people20.com\/es\/knowledge\/erik-vonk-featured-in-forbes-article-on-global-worker-classification\/\" \/>\n<meta property=\"og:locale\" content=\"es_ES\" \/>\n<meta property=\"og:type\" content=\"article\" \/>\n<meta property=\"og:title\" content=\"Erik Vonk aparece en un art\u00edculo de Forbes sobre la clasificaci\u00f3n mundial de los trabajadores &#8211; People2.0 | Global\" \/>\n<meta property=\"og:description\" content=\"Erik Vonk, Consejero Delegado, aparece en un art\u00edculo de Forbes sobre el trabajo a distancia y el cumplimiento de la normativa.\" \/>\n<meta property=\"og:url\" content=\"https:\/\/www.people20.com\/es\/knowledge\/erik-vonk-featured-in-forbes-article-on-global-worker-classification\/\" \/>\n<meta property=\"og:site_name\" content=\"People2.0 | Global\" \/>\n<meta property=\"article:modified_time\" content=\"2025-10-23T14:41:49+00:00\" \/>\n<meta property=\"og:image\" content=\"https:\/\/www.people20.com\/wp-content\/uploads\/2025\/09\/default-featured-blog-image-e1759425826602.png\" \/>\n\t<meta property=\"og:image:width\" content=\"2000\" \/>\n\t<meta property=\"og:image:height\" content=\"1350\" \/>\n\t<meta property=\"og:image:type\" content=\"image\/png\" \/>\n<meta name=\"twitter:card\" content=\"summary_large_image\" \/>\n<meta name=\"twitter:label1\" content=\"Tiempo de lectura\" \/>\n\t<meta name=\"twitter:data1\" content=\"1 minuto\" \/>\n<!-- \/ Yoast SEO plugin. -->","yoast_head_json":{"title":"Erik Vonk aparece en un art\u00edculo de Forbes sobre la clasificaci\u00f3n mundial de los trabajadores &#8211; People2.0 | Global","robots":{"index":"index","follow":"follow","max-snippet":"max-snippet:-1","max-image-preview":"max-image-preview:large","max-video-preview":"max-video-preview:-1"},"canonical":"https:\/\/www.people20.com\/es\/knowledge\/erik-vonk-featured-in-forbes-article-on-global-worker-classification\/","og_locale":"es_ES","og_type":"article","og_title":"Erik Vonk aparece en un art\u00edculo de Forbes sobre la clasificaci\u00f3n mundial de los trabajadores &#8211; People2.0 | Global","og_description":"Erik Vonk, Consejero Delegado, aparece en un art\u00edculo de Forbes sobre el trabajo a distancia y el cumplimiento de la normativa.","og_url":"https:\/\/www.people20.com\/es\/knowledge\/erik-vonk-featured-in-forbes-article-on-global-worker-classification\/","og_site_name":"People2.0 | Global","article_modified_time":"2025-10-23T14:41:49+00:00","og_image":[{"width":2000,"height":1350,"url":"https:\/\/www.people20.com\/wp-content\/uploads\/2025\/09\/default-featured-blog-image-e1759425826602.png","type":"image\/png"}],"twitter_card":"summary_large_image","twitter_misc":{"Tiempo de lectura":"1 minuto"},"schema":{"@context":"https:\/\/schema.org","@graph":[{"@type":"WebPage","@id":"https:\/\/www.people20.com\/es\/knowledge\/erik-vonk-featured-in-forbes-article-on-global-worker-classification\/","url":"https:\/\/www.people20.com\/es\/knowledge\/erik-vonk-featured-in-forbes-article-on-global-worker-classification\/","name":"Erik Vonk aparece en un art\u00edculo de Forbes sobre la clasificaci\u00f3n mundial de los trabajadores &#8211; People2.0 | Global","isPartOf":{"@id":"https:\/\/www.people20.com\/es\/#website"},"primaryImageOfPage":{"@id":"https:\/\/www.people20.com\/es\/knowledge\/erik-vonk-featured-in-forbes-article-on-global-worker-classification\/#primaryimage"},"image":{"@id":"https:\/\/www.people20.com\/es\/knowledge\/erik-vonk-featured-in-forbes-article-on-global-worker-classification\/#primaryimage"},"thumbnailUrl":"https:\/\/www.people20.com\/wp-content\/uploads\/2025\/09\/default-featured-blog-image-e1759425826602.png","datePublished":"2023-02-16T01:54:00+00:00","dateModified":"2025-10-23T14:41:49+00:00","breadcrumb":{"@id":"https:\/\/www.people20.com\/es\/knowledge\/erik-vonk-featured-in-forbes-article-on-global-worker-classification\/#breadcrumb"},"inLanguage":"es","potentialAction":[{"@type":"ReadAction","target":["https:\/\/www.people20.com\/es\/knowledge\/erik-vonk-featured-in-forbes-article-on-global-worker-classification\/"]}]},{"@type":"ImageObject","inLanguage":"es","@id":"https:\/\/www.people20.com\/es\/knowledge\/erik-vonk-featured-in-forbes-article-on-global-worker-classification\/#primaryimage","url":"https:\/\/www.people20.com\/wp-content\/uploads\/2025\/09\/default-featured-blog-image-e1759425826602.png","contentUrl":"https:\/\/www.people20.com\/wp-content\/uploads\/2025\/09\/default-featured-blog-image-e1759425826602.png","width":2000,"height":1350},{"@type":"BreadcrumbList","@id":"https:\/\/www.people20.com\/es\/knowledge\/erik-vonk-featured-in-forbes-article-on-global-worker-classification\/#breadcrumb","itemListElement":[{"@type":"ListItem","position":1,"name":"Home","item":"https:\/\/www.people20.com\/es\/"},{"@type":"ListItem","position":2,"name":"Conocimientos","item":"https:\/\/www.people20.com\/es\/knowledges-archive\/"},{"@type":"ListItem","position":3,"name":"Erik Vonk aparece en un art\u00edculo de Forbes sobre la clasificaci\u00f3n mundial de los trabajadores"}]},{"@type":"WebSite","@id":"https:\/\/www.people20.com\/es\/#website","url":"https:\/\/www.people20.com\/es\/","name":"People2.0 | Global","description":"Global employment, simplified.","publisher":{"@id":"https:\/\/www.people20.com\/es\/#organization"},"potentialAction":[{"@type":"SearchAction","target":{"@type":"EntryPoint","urlTemplate":"https:\/\/www.people20.com\/es\/?s={search_term_string}"},"query-input":{"@type":"PropertyValueSpecification","valueRequired":true,"valueName":"search_term_string"}}],"inLanguage":"es"},{"@type":"Organization","@id":"https:\/\/www.people20.com\/es\/#organization","name":"People2.0 | Global","url":"https:\/\/www.people20.com\/es\/","logo":{"@type":"ImageObject","inLanguage":"es","@id":"https:\/\/www.people20.com\/es\/#\/schema\/logo\/image\/","url":"https:\/\/www.people20.com\/wp-content\/uploads\/2025\/05\/people20-logo.svg","contentUrl":"https:\/\/www.people20.com\/wp-content\/uploads\/2025\/05\/people20-logo.svg","caption":"People2.0 | Global"},"image":{"@id":"https:\/\/www.people20.com\/es\/#\/schema\/logo\/image\/"}}]}},"_links":{"self":[{"href":"https:\/\/www.people20.com\/es\/wp-json\/wp\/v2\/knowledges\/26477","targetHints":{"allow":["GET"]}}],"collection":[{"href":"https:\/\/www.people20.com\/es\/wp-json\/wp\/v2\/knowledges"}],"about":[{"href":"https:\/\/www.people20.com\/es\/wp-json\/wp\/v2\/types\/knowledge"}],"author":[{"embeddable":true,"href":"https:\/\/www.people20.com\/es\/wp-json\/wp\/v2\/users\/3"}],"version-history":[{"count":3,"href":"https:\/\/www.people20.com\/es\/wp-json\/wp\/v2\/knowledges\/26477\/revisions"}],"predecessor-version":[{"id":33303,"href":"https:\/\/www.people20.com\/es\/wp-json\/wp\/v2\/knowledges\/26477\/revisions\/33303"}],"wp:featuredmedia":[{"embeddable":true,"href":"https:\/\/www.people20.com\/es\/wp-json\/wp\/v2\/media\/22448"}],"wp:attachment":[{"href":"https:\/\/www.people20.com\/es\/wp-json\/wp\/v2\/media?parent=26477"}],"wp:term":[{"taxonomy":"category","embeddable":true,"href":"https:\/\/www.people20.com\/es\/wp-json\/wp\/v2\/categories?post=26477"},{"taxonomy":"post_tag","embeddable":true,"href":"https:\/\/www.people20.com\/es\/wp-json\/wp\/v2\/tags?post=26477"},{"taxonomy":"regional_locations","embeddable":true,"href":"https:\/\/www.people20.com\/es\/wp-json\/wp\/v2\/regional_locations?post=26477"}],"curies":[{"name":"wp","href":"https:\/\/api.w.org\/{rel}","templated":true}]}}