{"id":26483,"date":"2023-02-15T20:54:00","date_gmt":"2023-02-16T01:54:00","guid":{"rendered":"https:\/\/www.people20.com\/knowledge\/erik-vonk-in-forbes-artikel-ueber-die-klassifizierung-von-arbeitnehmern-weltweit\/"},"modified":"2025-10-23T10:41:25","modified_gmt":"2025-10-23T14:41:25","slug":"erik-vonk-featured-in-forbes-article-on-global-worker-classification","status":"publish","type":"knowledge","link":"https:\/\/www.people20.com\/de\/knowledge\/erik-vonk-featured-in-forbes-article-on-global-worker-classification\/","title":{"rendered":"Erik Vonk in Forbes-Artikel \u00fcber die Klassifizierung von Arbeitnehmern weltweit"},"content":{"rendered":"<p><span class=\"TextRun SCXW252868976 BCX0\" lang=\"EN-US\" xml_lang=\"EN-US\" data-contrast=\"auto\"><span class=\"NormalTextRun SCXW252868976 BCX0\">Aufregende Neuigkeiten! <\/span><span class=\"NormalTextRun SCXW252868976 BCX0\">Unser Vorstandsvorsitzender, Erik Vonk, wurde <\/span><span class=\"NormalTextRun SCXW252868976 BCX0\">wurde k\u00fcrzlich in Forbes vorgestellt, wo er \u00fcber die schnell wachsende Zahl von Fernarbeitskr\u00e4ften und den dringenden Bedarf an <\/span><span class=\"NormalTextRun SCXW252868976 BCX0\">genauen<\/span><span class=\"NormalTextRun SCXW252868976 BCX0\"> Klassifizierung von Arbeitnehmern.<\/span><\/span><span class=\"EOP SCXW252868976 BCX0\" data-ccp-props=\"{\"201341983\":0,\"335559739\":160,\"335559740\":259}\">&nbsp;<\/span><\/p>\n<p><span class=\"TextRun SCXW6302575 BCX0\" lang=\"EN-US\" xml_lang=\"EN-US\" data-contrast=\"auto\"><span class=\"NormalTextRun SCXW6302575 BCX0\">In \u00fcber 50 L\u00e4ndern sind digitale Nomaden inzwischen willkommen, <\/span><span class=\"NormalTextRun SCXW6302575 BCX0\">der Bedarf an globalen Compliance <\/span><span class=\"NormalTextRun SCXW6302575 BCX0\">Erfahrung<\/span><span class=\"NormalTextRun SCXW6302575 BCX0\">tise<\/span><span class=\"NormalTextRun SCXW6302575 BCX0\">  gewinnt zunehmend an Bedeutung. Diese   <\/span><span class=\"NormalTextRun SCXW6302575 BCX0\">Der Bedarf wird durch die Globalisierung der Arbeit, die Auswirkungen neuer Arbeits- und Kollaborationstechnologien und die Fortschritte in der Technologie angetrieben<\/span><span class=\"NormalTextRun SCXW6302575 BCX0\">.<\/span><\/span><span class=\"EOP SCXW6302575 BCX0\" data-ccp-props=\"{\"201341983\":0,\"335559739\":160,\"335559740\":259}\">&nbsp;<\/span><\/p>\n<p><span class=\"TextRun SCXW115125604 BCX0\" lang=\"EN-US\" xml_lang=\"EN-US\" data-contrast=\"auto\"><span class=\"NormalTextRun SCXW115125604 BCX0\">Unter <\/span><span class=\"NormalTextRun SCXW115125604 BCX0\">r<\/span><span class=\"NormalTextRun SCXW115125604 BCX0\">e<\/span><span class=\"NormalTextRun SCXW115125604 BCX0\">dem Trend zu grenzenlosen Arbeitsverh\u00e4ltnissen<\/span><span class=\"NormalTextRun SCXW115125604 BCX0\">lud Forbes mehrere Experten <\/span><span class=\"NormalTextRun SCXW115125604 BCX0\">um Kommentare zu <\/span><span class=\"NormalTextRun SCXW115125604 BCX0\">Compliance, Klassifizierung, EOR und AOR zu \u00e4u\u00dfern, darunter <\/span><span class=\"NormalTextRun SCXW115125604 BCX0\">unser eigener Vorstandsvorsitzender Erik Vonk.<\/span><\/span><span class=\"EOP SCXW115125604 BCX0\" data-ccp-props=\"{\"201341983\":0,\"335559739\":160,\"335559740\":259}\">&nbsp;<\/span><\/p>\n<p><span class=\"TextRun SCXW228233151 BCX0\" lang=\"EN-US\" xml_lang=\"EN-US\" data-contrast=\"auto\"><span class=\"NormalTextRun SCXW228233151 BCX0\">Themen <\/span><span class=\"NormalTextRun SCXW228233151 BCX0\">diskutiert<\/span><span class=\"NormalTextRun SCXW228233151 BCX0\"> enthalten<\/span><span class=\"NormalTextRun SCXW228233151 BCX0\">:<\/span><\/span><span class=\"EOP SCXW228233151 BCX0\" data-ccp-props=\"{\"201341983\":0,\"335559739\":160,\"335559740\":259}\">&nbsp;<\/span><\/p>\n<ul>\n<li data-leveltext=\"\uf0b7\" data-font=\"Symbol\" data-listid=\"1\" data-list-defn-props=\"{\"335552541\":1,\"335559684\":-2,\"335559685\":720,\"335559991\":360,\"469769226\":\"Symbol\",\"469769242\":[8226],\"469777803\":\"left\",\"469777804\":\"\uf0b7\",\"469777815\":\"hybridMultilevel\"}\" aria-setsize=\"-1\" data-aria-posinset=\"1\" data-aria-level=\"1\"><span data-contrast=\"auto\">Trendige Kategorien von <\/span><b><span data-contrast=\"auto\">Freiberufliche Arbeit<\/span><\/b><span data-contrast=\"auto\"> die international beschafft werden<\/span><span data-ccp-props=\"{\"201341983\":0,\"335559739\":160,\"335559740\":259}\">&nbsp;<\/span><\/li>\n<li data-leveltext=\"\uf0b7\" data-font=\"Symbol\" data-listid=\"1\" data-list-defn-props=\"{\"335552541\":1,\"335559684\":-2,\"335559685\":720,\"335559991\":360,\"469769226\":\"Symbol\",\"469769242\":[8226],\"469777803\":\"left\",\"469777804\":\"\uf0b7\",\"469777815\":\"hybridMultilevel\"}\" aria-setsize=\"-1\" data-aria-posinset=\"2\" data-aria-level=\"1\"><span data-contrast=\"auto\">Vorhersagen \u00fcber die Zukunft der <\/span><b><span data-contrast=\"auto\">grenz\u00fcberschreitenden Compliance<\/span><\/b><span data-ccp-props=\"{\"201341983\":0,\"335559739\":160,\"335559740\":259}\">&nbsp;<\/span><\/li>\n<li data-leveltext=\"\uf0b7\" data-font=\"Symbol\" data-listid=\"1\" data-list-defn-props=\"{\"335552541\":1,\"335559684\":-2,\"335559685\":720,\"335559991\":360,\"469769226\":\"Symbol\",\"469769242\":[8226],\"469777803\":\"left\",\"469777804\":\"\uf0b7\",\"469777815\":\"hybridMultilevel\"}\" aria-setsize=\"-1\" data-aria-posinset=\"3\" data-aria-level=\"1\"><span data-contrast=\"auto\">Die zuk\u00fcnftige Entwicklung von <\/span><b><span data-contrast=\"auto\">einzelner Freiberufler, Freiberufler-Marktpl\u00e4tze, <\/span><\/b><span data-contrast=\"auto\">und <\/span><b><span data-contrast=\"auto\">propriet\u00e4ren Plattformen f\u00fcr Freiberufler<\/span><\/b><span data-ccp-props=\"{\"201341983\":0,\"335559739\":160,\"335559740\":259}\">&nbsp;<\/span><\/li>\n<\/ul>\n<p><span class=\"TextRun SCXW169959316 BCX0\" lang=\"EN-US\" xml_lang=\"EN-US\" data-contrast=\"none\"><span class=\"NormalTextRun SCXW169959316 BCX0\">Lassen Sie sich diese aufschlussreiche Lekt\u00fcre nicht entgehen. Finden Sie heraus, was Erik und andere Branchenf\u00fchrer \u00fcber Trends in der Arbeitswelt und den Wandel in der Branche zu sagen haben. <\/span> <span class=\"NormalTextRun SCXW169959316 BCX0\"> Talent<\/span><span class=\"NormalTextRun SCXW169959316 BCX0\"> Landschaft.<\/span><\/span><span class=\"EOP SCXW169959316 BCX0\" data-ccp-props=\"{\"201341983\":0,\"335559739\":160,\"335559740\":259}\">&nbsp;<\/span><\/p>\n\n<p class=\"globalpowerCTA has-black-color has-text-color\"><a href=\"https:\/\/www.forbes.com\/sites\/jonyounger\/2023\/02\/08\/as-more-freelancers-work-across-borders-expect-more-emphasis-on-worker-classification-and-tax-collection\/?sh=4e1f0315c4c2\" target=\"_blank\" rel=\"noreferrer noopener\">Den Artikel lesen<\/a><\/p>\n","protected":false},"excerpt":{"rendered":"<p>CEO Erik Vonk wird in einem Forbes-Artikel \u00fcber Fernarbeit und Compliance vorgestellt.<\/p>\n","protected":false},"author":3,"featured_media":22447,"template":"","format":"standard","meta":{"_acf_changed":false,"content-type":"","footnotes":""},"categories":[1174,1178,1196,1887,1301,1221,1213],"tags":[1393,1601,1369],"regional_locations":[],"class_list":["post-26483","knowledge","type-knowledge","status-publish","format-standard","has-post-thumbnail","hentry","category-multisite-location-de","category-all-global-de","category-classification-compliance-de","category-employee-classification","category-people2-0-insights-de","category-talent-sourcing-de","category-workforce-management-de","tag-building-your-staffing-business-de","tag-employee-classification-de","tag-workforce-compliance-de"],"acf":[],"yoast_head":"<!-- This site is optimized with the Yoast SEO plugin v27.4 - https:\/\/yoast.com\/product\/yoast-seo-wordpress\/ -->\n<title>Erik Vonk in Forbes-Artikel \u00fcber die Klassifizierung von Arbeitnehmern weltweit &#8211; People2.0 | Global<\/title>\n<meta name=\"robots\" content=\"index, follow, max-snippet:-1, max-image-preview:large, max-video-preview:-1\" \/>\n<link rel=\"canonical\" href=\"https:\/\/www.people20.com\/de\/knowledge\/erik-vonk-featured-in-forbes-article-on-global-worker-classification\/\" \/>\n<meta property=\"og:locale\" content=\"de_DE\" \/>\n<meta property=\"og:type\" content=\"article\" \/>\n<meta property=\"og:title\" content=\"Erik Vonk in Forbes-Artikel \u00fcber die Klassifizierung von Arbeitnehmern weltweit &#8211; People2.0 | Global\" \/>\n<meta property=\"og:description\" content=\"CEO Erik Vonk wird in einem Forbes-Artikel \u00fcber Fernarbeit und Compliance vorgestellt.\" \/>\n<meta property=\"og:url\" content=\"https:\/\/www.people20.com\/de\/knowledge\/erik-vonk-featured-in-forbes-article-on-global-worker-classification\/\" \/>\n<meta property=\"og:site_name\" content=\"People2.0 | Global\" \/>\n<meta property=\"article:modified_time\" content=\"2025-10-23T14:41:25+00:00\" \/>\n<meta property=\"og:image\" content=\"https:\/\/www.people20.com\/wp-content\/uploads\/2025\/09\/default-featured-blog-image-e1759425826602.png\" \/>\n\t<meta property=\"og:image:width\" content=\"2000\" \/>\n\t<meta property=\"og:image:height\" content=\"1350\" \/>\n\t<meta property=\"og:image:type\" content=\"image\/png\" \/>\n<meta name=\"twitter:card\" content=\"summary_large_image\" \/>\n<meta name=\"twitter:label1\" content=\"Gesch\u00e4tzte Lesezeit\" \/>\n\t<meta name=\"twitter:data1\" content=\"1\u00a0Minute\" \/>\n<!-- \/ Yoast SEO plugin. -->","yoast_head_json":{"title":"Erik Vonk in Forbes-Artikel \u00fcber die Klassifizierung von Arbeitnehmern weltweit &#8211; People2.0 | Global","robots":{"index":"index","follow":"follow","max-snippet":"max-snippet:-1","max-image-preview":"max-image-preview:large","max-video-preview":"max-video-preview:-1"},"canonical":"https:\/\/www.people20.com\/de\/knowledge\/erik-vonk-featured-in-forbes-article-on-global-worker-classification\/","og_locale":"de_DE","og_type":"article","og_title":"Erik Vonk in Forbes-Artikel \u00fcber die Klassifizierung von Arbeitnehmern weltweit &#8211; People2.0 | Global","og_description":"CEO Erik Vonk wird in einem Forbes-Artikel \u00fcber Fernarbeit und Compliance vorgestellt.","og_url":"https:\/\/www.people20.com\/de\/knowledge\/erik-vonk-featured-in-forbes-article-on-global-worker-classification\/","og_site_name":"People2.0 | Global","article_modified_time":"2025-10-23T14:41:25+00:00","og_image":[{"width":2000,"height":1350,"url":"https:\/\/www.people20.com\/wp-content\/uploads\/2025\/09\/default-featured-blog-image-e1759425826602.png","type":"image\/png"}],"twitter_card":"summary_large_image","twitter_misc":{"Gesch\u00e4tzte Lesezeit":"1\u00a0Minute"},"schema":{"@context":"https:\/\/schema.org","@graph":[{"@type":"WebPage","@id":"https:\/\/www.people20.com\/de\/knowledge\/erik-vonk-featured-in-forbes-article-on-global-worker-classification\/","url":"https:\/\/www.people20.com\/de\/knowledge\/erik-vonk-featured-in-forbes-article-on-global-worker-classification\/","name":"Erik Vonk in Forbes-Artikel \u00fcber die Klassifizierung von Arbeitnehmern weltweit &#8211; People2.0 | Global","isPartOf":{"@id":"https:\/\/www.people20.com\/de\/#website"},"primaryImageOfPage":{"@id":"https:\/\/www.people20.com\/de\/knowledge\/erik-vonk-featured-in-forbes-article-on-global-worker-classification\/#primaryimage"},"image":{"@id":"https:\/\/www.people20.com\/de\/knowledge\/erik-vonk-featured-in-forbes-article-on-global-worker-classification\/#primaryimage"},"thumbnailUrl":"https:\/\/www.people20.com\/wp-content\/uploads\/2025\/09\/default-featured-blog-image-e1759425826602.png","datePublished":"2023-02-16T01:54:00+00:00","dateModified":"2025-10-23T14:41:25+00:00","breadcrumb":{"@id":"https:\/\/www.people20.com\/de\/knowledge\/erik-vonk-featured-in-forbes-article-on-global-worker-classification\/#breadcrumb"},"inLanguage":"de","potentialAction":[{"@type":"ReadAction","target":["https:\/\/www.people20.com\/de\/knowledge\/erik-vonk-featured-in-forbes-article-on-global-worker-classification\/"]}]},{"@type":"ImageObject","inLanguage":"de","@id":"https:\/\/www.people20.com\/de\/knowledge\/erik-vonk-featured-in-forbes-article-on-global-worker-classification\/#primaryimage","url":"https:\/\/www.people20.com\/wp-content\/uploads\/2025\/09\/default-featured-blog-image-e1759425826602.png","contentUrl":"https:\/\/www.people20.com\/wp-content\/uploads\/2025\/09\/default-featured-blog-image-e1759425826602.png","width":2000,"height":1350},{"@type":"BreadcrumbList","@id":"https:\/\/www.people20.com\/de\/knowledge\/erik-vonk-featured-in-forbes-article-on-global-worker-classification\/#breadcrumb","itemListElement":[{"@type":"ListItem","position":1,"name":"Home","item":"https:\/\/www.people20.com\/de\/home\/"},{"@type":"ListItem","position":2,"name":"Wissen","item":"https:\/\/www.people20.com\/de\/knowledges-archive\/"},{"@type":"ListItem","position":3,"name":"Erik Vonk in Forbes-Artikel \u00fcber die Klassifizierung von Arbeitnehmern weltweit"}]},{"@type":"WebSite","@id":"https:\/\/www.people20.com\/de\/#website","url":"https:\/\/www.people20.com\/de\/","name":"People2.0 | Global","description":"Global employment, simplified.","publisher":{"@id":"https:\/\/www.people20.com\/de\/#organization"},"potentialAction":[{"@type":"SearchAction","target":{"@type":"EntryPoint","urlTemplate":"https:\/\/www.people20.com\/de\/?s={search_term_string}"},"query-input":{"@type":"PropertyValueSpecification","valueRequired":true,"valueName":"search_term_string"}}],"inLanguage":"de"},{"@type":"Organization","@id":"https:\/\/www.people20.com\/de\/#organization","name":"People2.0 | Global","url":"https:\/\/www.people20.com\/de\/","logo":{"@type":"ImageObject","inLanguage":"de","@id":"https:\/\/www.people20.com\/de\/#\/schema\/logo\/image\/","url":"https:\/\/www.people20.com\/wp-content\/uploads\/2025\/05\/people20-logo.svg","contentUrl":"https:\/\/www.people20.com\/wp-content\/uploads\/2025\/05\/people20-logo.svg","caption":"People2.0 | Global"},"image":{"@id":"https:\/\/www.people20.com\/de\/#\/schema\/logo\/image\/"}}]}},"_links":{"self":[{"href":"https:\/\/www.people20.com\/de\/wp-json\/wp\/v2\/knowledges\/26483","targetHints":{"allow":["GET"]}}],"collection":[{"href":"https:\/\/www.people20.com\/de\/wp-json\/wp\/v2\/knowledges"}],"about":[{"href":"https:\/\/www.people20.com\/de\/wp-json\/wp\/v2\/types\/knowledge"}],"author":[{"embeddable":true,"href":"https:\/\/www.people20.com\/de\/wp-json\/wp\/v2\/users\/3"}],"version-history":[{"count":3,"href":"https:\/\/www.people20.com\/de\/wp-json\/wp\/v2\/knowledges\/26483\/revisions"}],"predecessor-version":[{"id":33295,"href":"https:\/\/www.people20.com\/de\/wp-json\/wp\/v2\/knowledges\/26483\/revisions\/33295"}],"wp:featuredmedia":[{"embeddable":true,"href":"https:\/\/www.people20.com\/de\/wp-json\/wp\/v2\/media\/22447"}],"wp:attachment":[{"href":"https:\/\/www.people20.com\/de\/wp-json\/wp\/v2\/media?parent=26483"}],"wp:term":[{"taxonomy":"category","embeddable":true,"href":"https:\/\/www.people20.com\/de\/wp-json\/wp\/v2\/categories?post=26483"},{"taxonomy":"post_tag","embeddable":true,"href":"https:\/\/www.people20.com\/de\/wp-json\/wp\/v2\/tags?post=26483"},{"taxonomy":"regional_locations","embeddable":true,"href":"https:\/\/www.people20.com\/de\/wp-json\/wp\/v2\/regional_locations?post=26483"}],"curies":[{"name":"wp","href":"https:\/\/api.w.org\/{rel}","templated":true}]}}